{"id":3693,"date":"2023-03-10T09:54:32","date_gmt":"2023-03-10T08:54:32","guid":{"rendered":"https:\/\/chapelains.com\/toeristische-drome\/"},"modified":"2025-01-22T17:49:44","modified_gmt":"2025-01-22T16:49:44","slug":"toeristische-drome","status":"publish","type":"page","link":"https:\/\/chapelains.com\/nl\/toeristische-drome\/","title":{"rendered":"Bezienswaardigheden rondom de camping"},"content":{"rendered":"<section id=\"ls-section-block_66552816d07dd41949780070ed8d1407\" class=\"ls-section  page-one page-one__compact\" >\r\n        <div class=\"container \">\r\n        \n\n<h1 class=\"ls__heading wp-block-heading has-text-align-center has-color-1-color has-text-color\">Bezienswaardigheden die je gezien moet hebben in Dr\u00f4me<\/h1>\n\n\r\n    <\/div>\r\n<\/section><section id=\"ls-section-block_25bbee9d197f5e9b4d20a81563f9126c\" class=\"ls-section  home-first page-one\" >\r\n        <div class=\"container container--wide\">\r\n        \n\n<div class=\"wp-block-columns are-vertically-aligned-center is-layout-flex wp-container-core-columns-is-layout-9d6595d7 wp-block-columns-is-layout-flex\">\n<div class=\"wp-block-column is-vertically-aligned-center is-layout-flow wp-block-column-is-layout-flow\" style=\"flex-basis:33.33%\">\n<h2 class=\"ls__heading wp-block-heading has-color-2-color has-text-color\">Ontdek de mooiste plekjes in de Dr\u00f4me<\/h2>\n\n\n\n<p class=\"ls-paragraph\">Op de<strong> grens tussen de zuidelijke Alpen en de Provence<\/strong>, aan de voet van de Vercors, strekt de <a href=\"https:\/\/www.valleedeladrome-tourisme.com\/\" target=\"_blank\" rel=\"noreferrer noopener nofollow\">Dr\u00f4mevallei<\/a>, Europa&#8217;s laatste wilde rivier met een bijzonder rijke flora en fauna, zich uit tot aan de zonnige vlaktes van de Rh\u00f4ne.<\/p>\n\n\n\n<p class=\"ls-paragraph\">In het hart van deze vallei, tussen Crest en Die, is <a href=\"https:\/\/chapelains.com\/nl\/\">camping au pays de Saillans<\/a> een <strong>ideale plek<\/strong> voor natuurliefhebbers en liefhebbers van het buitenleven. Hooggelegen dorpen, Romaanse kerken, kastelen en Romeinse overblijfselen vormen het<strong> rijke culturele<\/strong> en <strong>historische<\/strong><strong> erfgoed<\/strong> van de regio.<\/p>\n\n\n\n<p class=\"ls-paragraph\">Kano\u00ebn of canyoning op de rivier de Dr\u00f4me of zijn zijrivieren, rotsklimmen in de bossen van de Sao\u00fb of de Vercors, vliegen over gevarieerde landschappen in een heteluchtballon, zweefvliegtuig of paraglider, boomklimmen en natuurlijk wandelen, fietsen, mountainbiken, paardrijden, ezelrijden: al deze keuzes zijn beschikbaar voor <strong>amateur- of ervaren sporters<\/strong>.<\/p>\n\n\n\n<p class=\"ls-paragraph\">Je kunt ook <strong>een wandeling maken door de wijngaarden<\/strong>, stoppen bij een kelder om te genieten van een glas Clairette of Cr\u00e9mant de Die, een praatje maken met de wijnboer, of lokale producten en gastronomische lekkernijen ophalen bij de producenten, zoals Picodon (een klein geitenkaasje), olijfolie, ravioli, &#8220;craquants&#8221; of fruit uit de boomgaarden.<\/p>\n\n\n\n<p class=\"ls-paragraph addReadMore showlesscontent\">Op de<strong> lavendelroutes<\/strong> ontdek je de unieke landschappen van de immense lavendelvelden in de Provence, ware oceanen van geur die wiegen in de wind.<br\/><br\/>Langs de oude Romeinse weg nemen de <strong>pittoreske smalle straatjes van Saillans<\/strong>, waar goud werd gesponnen toen het dorp van zijde leefde, je mee op een reis terug in de tijd. Je zult dol zijn op het levendige centrum, de zomermarkt, de Romaanse kerk, de brug over de rivier de Dr\u00f4me, de arcades en fonteinen.<\/p>\n<\/div>\n\n\n\n<div class=\"wp-block-column is-vertically-aligned-center is-layout-flow wp-block-column-is-layout-flow\" style=\"flex-basis:66.66%\">\n<figure class=\"wp-block-gallery has-nested-images columns-2 is-cropped wp-block-gallery-1 is-layout-flex wp-block-gallery-is-layout-flex\">\n<figure class=\"wp-block-image size-full image-riviere animated fadeIn slow\"><a href=\"https:\/\/chapelains.com\/wp-content\/uploads\/2023\/10\/kayak-rviere-drome.jpg\"><img decoding=\"async\" width=\"900\" height=\"600\" data-id=\"2791\" src=\"https:\/\/chapelains.com\/wp-content\/uploads\/2023\/10\/kayak-rviere-drome.jpg\" alt=\"kajak rviere drome\" class=\"wp-image-2791\" srcset=\"https:\/\/chapelains.com\/wp-content\/uploads\/2023\/10\/kayak-rviere-drome.jpg 900w, https:\/\/chapelains.com\/wp-content\/uploads\/2023\/10\/kayak-rviere-drome-300x200.jpg 300w, https:\/\/chapelains.com\/wp-content\/uploads\/2023\/10\/kayak-rviere-drome-768x512.jpg 768w\" sizes=\"(max-width: 900px) 100vw, 900px\" \/><\/a><figcaption class=\"wp-element-caption\">LaDromeTourisme \u00a9l.pascale<\/figcaption><\/figure>\n\n\n\n<figure class=\"wp-block-image size-full image-rando animated fadeIn delay-100ms slow\"><a href=\"https:\/\/chapelains.com\/wp-content\/uploads\/2023\/04\/visiter-les-vignes-proche-du-camping.jpg\"><img decoding=\"async\" width=\"900\" height=\"600\" data-id=\"1326\" src=\"https:\/\/chapelains.com\/wp-content\/uploads\/2023\/04\/visiter-les-vignes-proche-du-camping.jpg\" alt=\"bezoek de wijngaarden in de buurt van de camping\" class=\"wp-image-1326\" srcset=\"https:\/\/chapelains.com\/wp-content\/uploads\/2023\/04\/visiter-les-vignes-proche-du-camping.jpg 900w, https:\/\/chapelains.com\/wp-content\/uploads\/2023\/04\/visiter-les-vignes-proche-du-camping-300x200.jpg 300w, https:\/\/chapelains.com\/wp-content\/uploads\/2023\/04\/visiter-les-vignes-proche-du-camping-768x512.jpg 768w\" sizes=\"(max-width: 900px) 100vw, 900px\" \/><\/a><\/figure>\n\n\n\n<figure class=\"wp-block-image size-full image-combi animated fadeIn delay-200ms slow\"><a href=\"https:\/\/chapelains.com\/wp-content\/uploads\/2023\/04\/champs-de-lavandes-proche-camping-les-chapelains.jpg\"><img decoding=\"async\" width=\"900\" height=\"600\" data-id=\"1323\" src=\"https:\/\/chapelains.com\/wp-content\/uploads\/2023\/04\/champs-de-lavandes-proche-camping-les-chapelains.jpg\" alt=\"lavendelvelden bij camping les chapelains\" class=\"wp-image-1323\" srcset=\"https:\/\/chapelains.com\/wp-content\/uploads\/2023\/04\/champs-de-lavandes-proche-camping-les-chapelains.jpg 900w, https:\/\/chapelains.com\/wp-content\/uploads\/2023\/04\/champs-de-lavandes-proche-camping-les-chapelains-300x200.jpg 300w, https:\/\/chapelains.com\/wp-content\/uploads\/2023\/04\/champs-de-lavandes-proche-camping-les-chapelains-768x512.jpg 768w\" sizes=\"(max-width: 900px) 100vw, 900px\" \/><\/a><\/figure>\n\n\n\n<figure class=\"wp-block-image size-full image-gerants animated fadeIn delay-500ms slow\"><a href=\"https:\/\/chapelains.com\/wp-content\/uploads\/2023\/04\/balade-avec-des-anes-proche-du-camping-1.webp\"><img decoding=\"async\" width=\"900\" height=\"600\" data-id=\"1555\" src=\"https:\/\/chapelains.com\/wp-content\/uploads\/2023\/04\/balade-avec-des-anes-proche-du-camping-1.webp\" alt=\"wandeling met anes in de buurt van de camping\" class=\"wp-image-1555\" srcset=\"https:\/\/chapelains.com\/wp-content\/uploads\/2023\/04\/balade-avec-des-anes-proche-du-camping-1.webp 900w, https:\/\/chapelains.com\/wp-content\/uploads\/2023\/04\/balade-avec-des-anes-proche-du-camping-1-300x200.webp 300w, https:\/\/chapelains.com\/wp-content\/uploads\/2023\/04\/balade-avec-des-anes-proche-du-camping-1-768x512.webp 768w\" sizes=\"(max-width: 900px) 100vw, 900px\" \/><\/a><\/figure>\n<\/figure>\n<\/div>\n<\/div>\n\n\r\n    <\/div>\r\n<\/section><section id=\"ls-section-block_5d64f0e8cb6dedf9627291b0b9963744\" class=\"ls-section  home-third has-p-t p-t-0\" >\r\n        <div class=\"container container--wide\">\r\n        \n\n<div class=\"wp-block-columns is-layout-flex wp-container-core-columns-is-layout-9d6595d7 wp-block-columns-is-layout-flex\">\n<div class=\"wp-block-column is-vertically-aligned-center animated fadeInLeft slow is-layout-flow wp-block-column-is-layout-flow\" style=\"flex-basis:66.66%\">\n\n\n<figure class=\"wp-block-image size-full\"><a href=\"https:\/\/chapelains.com\/wp-content\/uploads\/2023\/10\/fruit-de-la-region-provence.jpg\"><img decoding=\"async\" width=\"900\" height=\"600\" src=\"https:\/\/chapelains.com\/wp-content\/uploads\/2023\/10\/fruit-de-la-region-provence.jpg\" alt=\"fruit uit de provence\" class=\"wp-image-2761\" srcset=\"https:\/\/chapelains.com\/wp-content\/uploads\/2023\/10\/fruit-de-la-region-provence.jpg 900w, https:\/\/chapelains.com\/wp-content\/uploads\/2023\/10\/fruit-de-la-region-provence-300x200.jpg 300w, https:\/\/chapelains.com\/wp-content\/uploads\/2023\/10\/fruit-de-la-region-provence-768x512.jpg 768w\" sizes=\"(max-width: 900px) 100vw, 900px\" \/><\/a><\/figure>\n<\/div>\n\n\n\n<div class=\"wp-block-column is-vertically-aligned-center has-color-6-background-color has-background is-layout-flow wp-block-column-is-layout-flow\" style=\"flex-basis:33.33%\">\n<h2 class=\"ls__heading wp-block-heading has-color-2-color has-text-color\">De mooiste markten in de Dr\u00f4me<\/h2>\n\n\n\n<p class=\"ls-paragraph\">De <strong>\n  <a href=\"https:\/\/www.valleedeladrome-tourisme.com\/\" target=\"_blank\" rel=\"noreferrer noopener nofollow\">Dr\u00f4me-vallei<\/a>\n<\/strong> heeft veel <strong>kwaliteitsmarkten<\/strong>. Een van de populairste is de markt van Saillans, die elke zondagochtend wordt gehouden. Het is 20 minuten lopen vanaf de camping. Onze <strong>lokale producenten <\/strong>bieden verse seizoensproducten van traditionele, duurzame en biologische landbouw. Om met mate van te genieten&#8230;<\/p>\n\n\n\n<p class=\"ls-paragraph\">De <strong>vallei produceert fruit <\/strong>: abrikozen, appels, kersen en perziken, maar ook allerlei soorten groenten, aromatische planten en essenti\u00eble oli\u00ebn. En laten we de wijngaarden niet vergeten die Clairette de Die, Cr\u00e9mant, Chatillon en Diois in het oosten van de regio en Br\u00e9z\u00e8me produceren, de kleinste AOC C\u00f4tes du Rh\u00f4ne wijngaard.<\/p>\n\n\n\n<p class=\"ls-paragraph addReadMore showlesscontent\"><br\/><br\/><br\/><br\/>Je ontmoet er ook <strong>producenten <\/strong>van honing, koekjes, Picodon-kaas, brood, enz. en <strong>ambachtslieden met allerlei specialiteiten<\/strong>. Voor een ontspannende en smakelijke ervaring! Op<strong>marktdagen<\/strong> (jaarmarkten) :<\/p>\n\n\n\n<ul class=\"ls-list ls-list-undefined addReadMore showlesscontent wp-block-list\">\n<li>Dinsdag: Crest; Livron<\/li>\n\n\n\n<li>Woensdag: Beaufort-sur-Gervanne, Die<\/li>\n\n\n\n<li>Donderdag: Bourdeaux, Pont-de-Barret, Aouste-sur-Sye, Nyons<\/li>\n\n\n\n<li>Vrijdag: Saint-Nazaire-le-D\u00e9sert, Dieulefit, Loriol, Marsanne, Pi\u00e9gros-la-Clastre<\/li>\n\n\n\n<li>Zaterdag: Crest, Mirmande, Sao\u00fb, Die<\/li>\n\n\n\n<li><strong>Zondag: Saillans<\/strong><\/li>\n<\/ul>\n<\/div>\n<\/div>\n\n\r\n    <\/div>\r\n<\/section><section id=\"ls-section-block_c76be24c5ea1e7912f23842ca6aaa6f4\" class=\"ls-section  home-first page-one has-p-t p-t-15\" >\r\n        <div class=\"container container--wide\">\r\n        \n\n<div class=\"wp-block-columns are-vertically-aligned-center is-layout-flex wp-container-core-columns-is-layout-9d6595d7 wp-block-columns-is-layout-flex\">\n<div class=\"wp-block-column is-vertically-aligned-center is-layout-flow wp-block-column-is-layout-flow\" style=\"flex-basis:33.33%\">\n<h2 class=\"ls__heading wp-block-heading has-color-2-color has-text-color\">Familiebezoek in de buurt van de camping<\/h2>\n\n\n\n<h3 class=\"ls__heading wp-block-heading has-color-3-color has-text-color\">Natuurparken en -terreinen, vrijetijdsactiviteiten in de natuur<\/h3>\n\n\n\n<p class=\"ls-paragraph\">25 km: <a href=\"https:\/\/www.lagaredesramieres.com\/fr\/\" target=\"_blank\" rel=\"noreferrer noopener nofollow\">La Gare des Rami\u00e8res<\/a> &#8211; Allex: een natuurreservaat aan de rivier de Dr\u00f4me, met een rijke flora en fauna.<\/p>\n\n\n\n<p class=\"ls-paragraph\">\u231a 25\u2032 | 27 km: <a href=\"https:\/\/www.aquarium-des-tropiques.com\/fr\/\" target=\"_blank\" rel=\"noreferrer noopener nofollow\">L&#8217;aquarium des tropiques<\/a> &#8211; Allex: honderden soorten tropische zoetwatervissen uit 4 continenten<\/p>\n\n\n\n<p class=\"ls-paragraph\">26\u2032 | 30 km: <a href=\"https:\/\/www.zooupie.com\/fr\/\" target=\"_blank\" rel=\"noreferrer noopener nofollow\">Le Jardin aux oiseaux in Upie<\/a>: meer dan 1000 dieren uit alle werelddelen. Roofvogel- en papegaaienshows in het seizoen, opblaasbare speeltuin en mini-boerderij.<\/p>\n\n\n\n<p class=\"ls-paragraph\">27\u2032 25 km: <a href=\"https:\/\/www.jardin-decouvertes.com\/\" target=\"_blank\" rel=\"noreferrer noopener nofollow\">Jardin des d\u00e9couvertes, la ferme aux papillons<\/a> &#8211; Die: honderden exotische vlinders leven vrij rond bezoekers<\/p>\n\n\n\n<p class=\"ls-paragraph\">\u231a 1h05 | 88 km: <a href=\"https:\/\/www.lafermeauxcrocodiles.com\/\" target=\"_blank\" rel=\"noreferrer noopener nofollow\">La ferme aux crocodiles<\/a> &#8211; Pierrelatte: de fascinerende wereld van reptielen met meer dan 600 dieren (krokodillen, pythons, leguanen, schildpadden, tropische vogels, vissen)<\/p>\n<\/div>\n\n\n\n<div class=\"wp-block-column is-vertically-aligned-center is-layout-flow wp-block-column-is-layout-flow\" style=\"flex-basis:66.66%\">\n<figure class=\"wp-block-gallery has-nested-images columns-2 is-cropped wp-block-gallery-2 is-layout-flex wp-block-gallery-is-layout-flex\">\n<figure class=\"wp-block-image size-full image-riviere animated fadeIn slow\"><a href=\"https:\/\/chapelains.com\/wp-content\/uploads\/2023\/04\/le-jardin-des-papillons-drome.jpg\"><img decoding=\"async\" width=\"900\" height=\"600\" data-id=\"1345\" src=\"https:\/\/chapelains.com\/wp-content\/uploads\/2023\/04\/le-jardin-des-papillons-drome.jpg\" alt=\"de drome vlindertuin\" class=\"wp-image-1345\" srcset=\"https:\/\/chapelains.com\/wp-content\/uploads\/2023\/04\/le-jardin-des-papillons-drome.jpg 900w, https:\/\/chapelains.com\/wp-content\/uploads\/2023\/04\/le-jardin-des-papillons-drome-300x200.jpg 300w, https:\/\/chapelains.com\/wp-content\/uploads\/2023\/04\/le-jardin-des-papillons-drome-768x512.jpg 768w\" sizes=\"(max-width: 900px) 100vw, 900px\" \/><\/a><\/figure>\n\n\n\n<figure class=\"wp-block-image size-full image-rando animated fadeIn delay-100ms slow\"><a href=\"https:\/\/chapelains.com\/wp-content\/uploads\/2023\/04\/laquarium-des-tropiques-drome.jpg\"><img decoding=\"async\" width=\"900\" height=\"600\" data-id=\"1342\" src=\"https:\/\/chapelains.com\/wp-content\/uploads\/2023\/04\/laquarium-des-tropiques-drome.jpg\" alt=\"aquarium tropiques drome\" class=\"wp-image-1342\" srcset=\"https:\/\/chapelains.com\/wp-content\/uploads\/2023\/04\/laquarium-des-tropiques-drome.jpg 900w, https:\/\/chapelains.com\/wp-content\/uploads\/2023\/04\/laquarium-des-tropiques-drome-300x200.jpg 300w, https:\/\/chapelains.com\/wp-content\/uploads\/2023\/04\/laquarium-des-tropiques-drome-768x512.jpg 768w\" sizes=\"(max-width: 900px) 100vw, 900px\" \/><\/a><\/figure>\n\n\n\n<figure class=\"wp-block-image size-full image-combi animated fadeIn delay-200ms slow\"><a href=\"https:\/\/chapelains.com\/wp-content\/uploads\/2023\/04\/chateau-de-grignan.jpg\"><img decoding=\"async\" width=\"900\" height=\"600\" data-id=\"1358\" src=\"https:\/\/chapelains.com\/wp-content\/uploads\/2023\/04\/chateau-de-grignan.jpg\" alt=\"kasteel van grignan\" class=\"wp-image-1358\" srcset=\"https:\/\/chapelains.com\/wp-content\/uploads\/2023\/04\/chateau-de-grignan.jpg 900w, https:\/\/chapelains.com\/wp-content\/uploads\/2023\/04\/chateau-de-grignan-300x200.jpg 300w, https:\/\/chapelains.com\/wp-content\/uploads\/2023\/04\/chateau-de-grignan-768x512.jpg 768w\" sizes=\"(max-width: 900px) 100vw, 900px\" \/><\/a><\/figure>\n\n\n\n<figure class=\"wp-block-image size-full image-gerants animated fadeIn delay-500ms slow\"><a href=\"https:\/\/chapelains.com\/wp-content\/uploads\/2023\/04\/la-ferme-aux-crocodiles-pierelattes.jpg\"><img decoding=\"async\" width=\"900\" height=\"600\" data-id=\"1353\" src=\"https:\/\/chapelains.com\/wp-content\/uploads\/2023\/04\/la-ferme-aux-crocodiles-pierelattes.jpg\" alt=\"de pierelattes krokodillenboerderij\" class=\"wp-image-1353\" srcset=\"https:\/\/chapelains.com\/wp-content\/uploads\/2023\/04\/la-ferme-aux-crocodiles-pierelattes.jpg 900w, https:\/\/chapelains.com\/wp-content\/uploads\/2023\/04\/la-ferme-aux-crocodiles-pierelattes-300x200.jpg 300w, https:\/\/chapelains.com\/wp-content\/uploads\/2023\/04\/la-ferme-aux-crocodiles-pierelattes-768x512.jpg 768w\" sizes=\"(max-width: 900px) 100vw, 900px\" \/><\/a><\/figure>\n<\/figure>\n<\/div>\n<\/div>\n\n\n\n<div class=\"wp-block-columns is-layout-flex wp-container-core-columns-is-layout-9d6595d7 wp-block-columns-is-layout-flex\">\n<div class=\"wp-block-column is-layout-flow wp-block-column-is-layout-flow\">\n<h3 class=\"ls__heading wp-block-heading has-text-align-left has-color-3-color has-text-color\">Musea en galerie\u00ebn<\/h3>\n\n\n\n<p class=\"ls-paragraph\">\u231a13&#8242; | 9<em> <\/em>km: <a href=\"https:\/\/www.musee-des-berthalais.fr\/\" target=\"_blank\" rel=\"noreferrer noopener nofollow\">Mus\u00e9e des Berthalais<\/a> &#8211; Mirabel-et-Blacons<\/p>\n\n\n\n<p class=\"ls-paragraph\">\u231a23\u2032 | 21 km: <a href=\"https:\/\/www.museededie.org\/\" target=\"_blank\" rel=\"noreferrer noopener nofollow\">Historisch en archeologisch museum van Die en Diois<\/a> &#8211; Die<\/p>\n\n\n\n<p class=\"ls-paragraph\">\u231a45\u2032 | 45 km: <a href=\"https:\/\/www.museedevalence.fr\/\" target=\"_blank\" rel=\"noreferrer noopener nofollow\">Museum voor Schone Kunsten en Archeologie<\/a> &#8211; Valence<\/p>\n\n\n\n<p class=\"ls-paragraph\">48 km: <a href=\"https:\/\/www.montelimar-agglo.fr\/vie-quotidienne\/culture\/musee-dart-contemporain\" target=\"_blank\" rel=\"noreferrer noopener nofollow\">Mus\u00e9e d&#8217;Art Contemporain Saint-Martin<\/a> &#8211; Mont\u00e9limar<\/p>\n\n\n\n<p class=\"ls-paragraph\">\u231a50\u2032 | 48 km: <a href=\"https:\/\/www.meacmtl.com\/\" target=\"_blank\" rel=\"noreferrer noopener nofollow\">Europees Gevechtsvliegtuigmuseum<\/a> &#8211; Mont\u00e9limar<\/p>\n\n\n\n<p class=\"ls-paragraph addReadMore showlesscontent\">\u231a53\u2032 | 57 km : <a href=\"https:\/\/www.museedelachaussure.fr\/#introduction\" target=\"_blank\" rel=\"noreferrer noopener nofollow\">Internationaal Schoenenmuseum<\/a> &#8211; Romans-sur-Is\u00e8re<br\/><br\/>\u231a1h10\u2032 | 55 km : <a href=\"https:\/\/parc-du-vercors.fr\/resistance\/home\" target=\"_blank\" rel=\"noreferrer noopener nofollow\">Monument van het Verzet in Vercors<\/a> &#8211; Vassieux-en-Vercors<br\/><br\/>\u231a1h10\u2032 | 55 km : <a href=\"https:\/\/parc-du-vercors.fr\/prehistoire\/home\" target=\"_blank\" rel=\"noreferrer noopener nofollow\">Prehistorisch Museum van de Vercors<\/a> &#8211; Vassieux-en-Vercors<\/p>\n<\/div>\n\n\n\n<div class=\"wp-block-column is-layout-flow wp-block-column-is-layout-flow\">\n<h3 class=\"ls__heading wp-block-heading has-color-3-color has-text-color\">Kastelen en architecturaal erfgoed<\/h3>\n\n\n\n<p class=\"ls-paragraph\">15 km: <a href=\"https:\/\/www.tourdecrest.fr\/\" target=\"_blank\" rel=\"noreferrer noopener nofollow\">La Tour de Crest<\/a>: de hoogste donjon van Frankrijk nodigt je uit om 900 jaar geschiedenis opnieuw te beleven: een middeleeuwse donjon (12e-15e eeuw), die later een gevangenistoren werd (15e-19e eeuw).<\/p>\n\n\n\n<p class=\"ls-paragraph\">23 km: <a href=\"https:\/\/www.valleedeladrome-tourisme.com\/patrimoine-culturel\/chateau-de-soyans\/\" target=\"_blank\" rel=\"noreferrer noopener nofollow\">Ch\u00e2teau de Soyans (ru\u00efne)<\/a><\/p>\n\n\n\n<p class=\"ls-paragraph\">43 km: <a href=\"https:\/\/lepoetlaval.org\/decouvrir-le-poet-laval\/visites\/le-chateau\/\" target=\"_blank\" rel=\"noreferrer noopener nofollow\">Ch\u00e2teau des Hospitaliers<\/a><\/p>\n\n\n\n<p class=\"ls-paragraph\">1u | 58 km : <a href=\"https:\/\/www.chateaux-ladrome.fr\/fr\/chateau-de-grignan\" target=\"_blank\" rel=\"noreferrer noopener nofollow\">Le Ch\u00e2teau de Grignan<\/a> &#8211; Grignan<\/p>\n\n\n\n<p class=\"ls-paragraph\">1u10 | 100 km: <a href=\"https:\/\/www.chateaux-ladrome.fr\/fr\/chateau-de-suze-la-rousse\" target=\"_blank\" rel=\"noreferrer noopener nofollow\">Kasteel van Suze-la-Rousse<\/a> <\/p>\n\n\n\n<p class=\"ls-paragraph\">1u20 | 84 km: <a href=\"https:\/\/www.facteurcheval.com\/\" target=\"_blank\" rel=\"noreferrer noopener nofollow\">Le Palais Id\u00e9al du Facteur Cheval<\/a> &#8211; Hauterives<\/p>\n<\/div>\n<\/div>\n\n\r\n    <\/div>\r\n<\/section><section id=\"ls-section-block_a4589baae341ed057a25ba2ebb1be3fb\" class=\"ls-section  home-third has-m-t m-t-1 has-p-t p-t-0\" >\r\n        <div class=\"container container--wide\">\r\n        \n\n<div class=\"wp-block-columns is-layout-flex wp-container-core-columns-is-layout-9d6595d7 wp-block-columns-is-layout-flex\">\n<div class=\"wp-block-column is-vertically-aligned-center animated fadeInLeft slow is-layout-flow wp-block-column-is-layout-flow\" style=\"flex-basis:66.66%\">\n\n\n<figure class=\"wp-block-image size-full\"><a href=\"https:\/\/chapelains.com\/wp-content\/uploads\/2023\/04\/le-palais-du-bonbon-et-du-nougat.jpg\"><img decoding=\"async\" width=\"900\" height=\"600\" src=\"https:\/\/chapelains.com\/wp-content\/uploads\/2023\/04\/le-palais-du-bonbon-et-du-nougat.jpg\" alt=\"het snoep- en nogapaleis\" class=\"wp-image-1366\" srcset=\"https:\/\/chapelains.com\/wp-content\/uploads\/2023\/04\/le-palais-du-bonbon-et-du-nougat.jpg 900w, https:\/\/chapelains.com\/wp-content\/uploads\/2023\/04\/le-palais-du-bonbon-et-du-nougat-300x200.jpg 300w, https:\/\/chapelains.com\/wp-content\/uploads\/2023\/04\/le-palais-du-bonbon-et-du-nougat-768x512.jpg 768w\" sizes=\"(max-width: 900px) 100vw, 900px\" \/><\/a><\/figure>\n<\/div>\n\n\n\n<div class=\"wp-block-column is-vertically-aligned-center has-color-6-background-color has-background is-layout-flow wp-block-column-is-layout-flow\" style=\"flex-basis:33.33%\">\n<h3 class=\"ls__heading wp-block-heading has-color-3-color has-text-color\">Economisch ontdekkingstoerisme<\/h3>\n\n\n\n<p class=\"ls-paragraph\">\u231a1\u2032 | 200 m : <a href=\"https:\/\/www.pere-craquant.com\/\" target=\"_blank\" rel=\"noreferrer noopener nofollow\">Le P\u00e8re Craquant<\/a> &#8211; Saillans: bezoek de fabriek en ontdek een prachtig assortiment mediterrane koekjes: craquants, macarons du Vercors en de beroemde navettes de Provence.<\/p>\n\n\n\n<p class=\"ls-paragraph\">\u231a2\u2032 | 2 km: <a href=\"https:\/\/ladrome.bio\/\" target=\"_blank\" rel=\"noreferrer noopener nofollow\">Ladr\u00f4me laboratoire<\/a>: dit bedrijf maakt biologische etherische oli\u00ebn en gezondheidsoplossingen op basis van aromatische en geneeskrachtige planten, bronnen van welzijn en zingeving.<\/p>\n\n\n\n<p class=\"ls-paragraph\">\u231a4\u2032 | 4 km: <a href=\"https:\/\/www.raspail.com\/\" target=\"_blank\" rel=\"noreferrer noopener nofollow\">Cave Raspail Jean-Claude et Fils<\/a> &#8211; Saillans: Cr\u00e9mant en Clairette de Die Bio: bezoek de kelder en proef de wijnen van het landgoed. Tentoonstelling van wijnpersen en gereedschap voor wijnmaken.<\/p>\n\n\n\n<p class=\"ls-paragraph addReadMore showlesscontent\">10 km: <a href=\"https:\/\/huilerie-richard.com\/\" target=\"_blank\" rel=\"noreferrer noopener nofollow\">L&#8217;Huilerie Richard in Aouste-sur-Sye<\/a>: ontdek de oli\u00ebn en vele andere regionale en ambachtelijke producten.<br\/><br\/>\u231a30\u2032 | 30 km: <a href=\"https:\/\/www.markusbiere.com\/\" target=\"_blank\" rel=\"noreferrer noopener nofollow\">La Brasserie du Val-de-Dr\u00f4me in Cl\u00e9on d&#8217;Andran<\/a>: Markus Bi\u00e8re is een merk van de Brasserie du Val de Dr\u00f4me en produceert ongefilterde en ongepasteuriseerde ambachtelijke bieren.<br\/><br\/>48 km: <a href=\"https:\/\/palais-bonbons.com\/\" target=\"_blank\" rel=\"noreferrer noopener nofollow\">Le palais des bonbons et du nougat<\/a> &#8211; Mont\u00e9limar<br\/><br\/>65 km: <a href=\"https:\/\/citeduchocolat.com\/\" target=\"_blank\" rel=\"noreferrer noopener nofollow\">La Cit\u00e9 du chocolat<\/a> &#8211; Tain l&#8217;Hermitage<br\/><br\/>\u231a59\u2032 | 78 km: <a href=\"https:\/\/www.eyguebelle.fr\/\" target=\"_blank\" rel=\"noreferrer noopener nofollow\">Le mus\u00e9e-boutique Eyguebelle &#8211; Valaurie<\/a>: een historisch merk van siropen, plantenlikeuren, vruchtenlikeuren, vruchtencr\u00e8mes in Dr\u00f4me<\/p>\n<\/div>\n<\/div>\n\n\r\n    <\/div>\r\n<\/section><section id=\"ls-section-block_a20d091000981225f43893afc5a3e63f\" class=\"ls-section  home-second page-two\" >\r\n        <div class=\"container container--full\">\r\n        \n\n<div class=\"wp-block-columns is-layout-flex wp-container-core-columns-is-layout-9d6595d7 wp-block-columns-is-layout-flex\">\n<div class=\"wp-block-column is-layout-flow wp-block-column-is-layout-flow\" style=\"flex-basis:66.66%\">\n<figure class=\"wp-block-image size-full animated fadeInLeft slow\"><a href=\"https:\/\/chapelains.com\/wp-content\/uploads\/2023\/04\/visiste-des-cave-de-vins-dans-la-drome.jpg\"><img decoding=\"async\" width=\"900\" height=\"600\" src=\"https:\/\/chapelains.com\/wp-content\/uploads\/2023\/04\/visiste-des-cave-de-vins-dans-la-drome.jpg\" alt=\"kelder rondleidingen in drome\" class=\"wp-image-1362\" srcset=\"https:\/\/chapelains.com\/wp-content\/uploads\/2023\/04\/visiste-des-cave-de-vins-dans-la-drome.jpg 900w, https:\/\/chapelains.com\/wp-content\/uploads\/2023\/04\/visiste-des-cave-de-vins-dans-la-drome-300x200.jpg 300w, https:\/\/chapelains.com\/wp-content\/uploads\/2023\/04\/visiste-des-cave-de-vins-dans-la-drome-768x512.jpg 768w\" sizes=\"(max-width: 900px) 100vw, 900px\" \/><\/a><\/figure>\n<\/div>\n\n\n\n<div class=\"wp-block-column is-layout-flow wp-block-column-is-layout-flow\" style=\"flex-basis:33.33%\">\n<figure class=\"wp-block-image size-full animated fadeInRight delay-500ms slow\"><a href=\"https:\/\/chapelains.com\/wp-content\/uploads\/2023\/04\/culture-de-fruit-dete-proche-camping-les-chapelains.jpg\"><img decoding=\"async\" width=\"900\" height=\"600\" src=\"https:\/\/chapelains.com\/wp-content\/uploads\/2023\/04\/culture-de-fruit-dete-proche-camping-les-chapelains.jpg\" alt=\"zomerfruit telen bij les chapelains\" class=\"wp-image-1371\" srcset=\"https:\/\/chapelains.com\/wp-content\/uploads\/2023\/04\/culture-de-fruit-dete-proche-camping-les-chapelains.jpg 900w, https:\/\/chapelains.com\/wp-content\/uploads\/2023\/04\/culture-de-fruit-dete-proche-camping-les-chapelains-300x200.jpg 300w, https:\/\/chapelains.com\/wp-content\/uploads\/2023\/04\/culture-de-fruit-dete-proche-camping-les-chapelains-768x512.jpg 768w\" sizes=\"(max-width: 900px) 100vw, 900px\" \/><\/a><\/figure>\n\n\n<\/div>\n<\/div>\n\n\n\n<div class=\"wp-block-columns home-second__text is-layout-flex wp-container-core-columns-is-layout-9d6595d7 wp-block-columns-is-layout-flex\">\n<div class=\"wp-block-column is-layout-flow wp-block-column-is-layout-flow\">\n<h2 class=\"ls__heading wp-block-heading has-text-align-center has-color-2-color has-text-color\">Gastronomische specialiteiten in de Dr\u00f4me<\/h2>\n\n\n\n<p class=\"ls-paragraph\">Geniet optimaal van je vakantie en ontdek de <strong>smaken van de <a href=\"https:\/\/www.valleedeladrome-tourisme.com\/\" target=\"_blank\" rel=\"noreferrer noopener nofollow\">Dr\u00f4mevallei<\/a><\/strong>. Hier zijn enkele van onze specialiteiten:<\/p>\n\n\n\n<ul class=\"ls-list wp-block-list\">\n<li>witte knoflook uit de Dr\u00f4me<\/li>\n\n\n\n<li>de Montoison meloen, minder bekend dan de Cavaillon meloen maar zoet en zeer geurig<\/li>\n\n\n\n<li>zwarte knoflook van Maison Boutarin in Crest, een uitzonderlijk Frans product, gemaakt volgens de Japanse traditie en geprezen door chef-koks en culinaire critici<\/li>\n\n\n\n<li>d\u00e9farde de Crest, een gerecht van lamsvlees gekookt in witte wijn<\/li>\n\n\n\n<li>parelhoen uit de Dr\u00f4me, een vogel met een unieke en onweerstaanbare smaak<\/li>\n\n\n\n<li>Picodon kaas, een emblematische geitenkaas met een typische smaak die je meeneemt op een reis door de smaken van de Dr\u00f4me streek<\/li>\n\n\n\n<li>zomerfruit: appels, abrikozen, perziken, peren, enz.<\/li>\n\n\n\n<li>Croquants aux amandes, een specialiteit uit Saillans sinds 1924<\/li>\n\n\n\n<li>Couve, een zoete cake met sinaasappelsmaak die zijn naam dankt aan de vorm, die lijkt op een kippennest met eieren.<\/li>\n<\/ul>\n\n\n\n<p class=\"ls-paragraph\">De <a href=\"https:\/\/www.valleedeladrome-tourisme.com\/\" target=\"_blank\" rel=\"noreferrer noopener nofollow\">Dr\u00f4mevallei<\/a> biedt een <strong>breed scala aan activiteiten<\/strong> voor <strong>wijnliefhebbers en liefhebbers van wijntoerisme<\/strong>: wijnproeverijen, kelderbezoeken, ontmoetingen met de eigenaars, ontdekking van de ambachten en technieken van de wijnstok, leren over druivensoorten, terroirs, appellations, lokale gastronomie&#8230; De <strong>meest emblematische wijnen<\/strong> zijn Clairette en Cr\u00e9mant de Die, C\u00f4tes du Rh\u00f4ne Br\u00e9z\u00e8me (de kleinste AOC C\u00f4tes du Rh\u00f4ne wijngaard), AOC Ch\u00e2tillon en Diois en zijn vins de pays.<\/p>\n<\/div>\n<\/div>\n\n\r\n    <\/div>\r\n<\/section><section id=\"ls-section-block_5d64f0e8cb6dedf9627291b0b9963744\" class=\"ls-section  home-third has-p-t p-t-0\" >\r\n        <div class=\"container container--wide\">\r\n        \n\n<div class=\"wp-block-columns is-layout-flex wp-container-core-columns-is-layout-9d6595d7 wp-block-columns-is-layout-flex\">\n<div class=\"wp-block-column is-vertically-aligned-center animated fadeInLeft slow is-layout-flow wp-block-column-is-layout-flow\" style=\"flex-basis:66.66%\">\n\n\n<figure class=\"wp-block-image size-full\"><a href=\"https:\/\/chapelains.com\/wp-content\/uploads\/2023\/04\/decouvirir-les-3-becs-en-provence-1_resultat.webp\"><img decoding=\"async\" width=\"800\" height=\"533\" src=\"https:\/\/chapelains.com\/wp-content\/uploads\/2023\/04\/decouvirir-les-3-becs-en-provence-1_resultat.webp\" alt=\"ontdek de 3 becs in de provence (1) resultaat\" class=\"wp-image-3226\" srcset=\"https:\/\/chapelains.com\/wp-content\/uploads\/2023\/04\/decouvirir-les-3-becs-en-provence-1_resultat.webp 800w, https:\/\/chapelains.com\/wp-content\/uploads\/2023\/04\/decouvirir-les-3-becs-en-provence-1_resultat-300x200.webp 300w, https:\/\/chapelains.com\/wp-content\/uploads\/2023\/04\/decouvirir-les-3-becs-en-provence-1_resultat-768x512.webp 768w\" sizes=\"(max-width: 800px) 100vw, 800px\" \/><\/a><\/figure>\n<\/div>\n\n\n\n<div class=\"wp-block-column is-vertically-aligned-center has-color-6-background-color has-background is-layout-flow wp-block-column-is-layout-flow\" style=\"flex-basis:33.33%\">\n<h2 class=\"ls__heading wp-block-heading has-color-2-color has-text-color\">Ontdek de mooiste natuurgebieden<\/h2>\n\n\n\n<h3 class=\"ls__heading wp-block-heading has-color-3-color has-text-color\">Dr\u00f4me-vallei<\/h3>\n\n\n\n<p class=\"ls-paragraph\">De <a href=\"https:\/\/www.valleedeladrome-tourisme.com\/\" target=\"_blank\" rel=\"noreferrer noopener nofollow\">Vall\u00e9e de la Dr\u00f4me<\/a> omvat<strong> 45 gemeenten<\/strong> die deel uitmaken van de Biovall\u00e9e, een referentiegebied voor <strong>duurzame ontwikkeling<\/strong>.  <\/p>\n\n\n\n<p class=\"ls-paragraph\">De leden van het <strong>merk Biovall\u00e9e <\/strong>zetten zich in om hun steentje bij te dragen aan het bereiken van de doelstellingen: het energieverbruik halveren, in onze behoeften voorzien door de productie van hernieuwbare energie, lokaal kopen, ethische fondsen gebruiken, enz.<\/p>\n<\/div>\n<\/div>\n\n\r\n    <\/div>\r\n<\/section><section id=\"ls-section-block_a20d091000981225f43893afc5a3e63f\" class=\"ls-section  home-second page-two\" >\r\n        <div class=\"container container--full\">\r\n        \n\n<div class=\"wp-block-columns is-layout-flex wp-container-core-columns-is-layout-9d6595d7 wp-block-columns-is-layout-flex\">\n<div class=\"wp-block-column is-layout-flow wp-block-column-is-layout-flow\" style=\"flex-basis:66.66%\">\n<figure class=\"wp-block-image size-full animated fadeInLeft slow\"><a href=\"https:\/\/chapelains.com\/wp-content\/uploads\/2023\/10\/parc-du-vercors.jpg\"><img decoding=\"async\" width=\"900\" height=\"600\" src=\"https:\/\/chapelains.com\/wp-content\/uploads\/2023\/10\/parc-du-vercors.jpg\" alt=\"vercors park\" class=\"wp-image-2803\" srcset=\"https:\/\/chapelains.com\/wp-content\/uploads\/2023\/10\/parc-du-vercors.jpg 900w, https:\/\/chapelains.com\/wp-content\/uploads\/2023\/10\/parc-du-vercors-300x200.jpg 300w, https:\/\/chapelains.com\/wp-content\/uploads\/2023\/10\/parc-du-vercors-768x512.jpg 768w\" sizes=\"(max-width: 900px) 100vw, 900px\" \/><\/a><\/figure>\n<\/div>\n\n\n\n<div class=\"wp-block-column is-layout-flow wp-block-column-is-layout-flow\" style=\"flex-basis:33.33%\">\n<figure class=\"wp-block-image size-full animated fadeInRight delay-500ms slow\"><a href=\"https:\/\/chapelains.com\/wp-content\/uploads\/2023\/10\/foret-de-saou.jpg\"><img decoding=\"async\" width=\"900\" height=\"600\" src=\"https:\/\/chapelains.com\/wp-content\/uploads\/2023\/10\/foret-de-saou.jpg\" alt=\"voorplein van saou\" class=\"wp-image-2800\" srcset=\"https:\/\/chapelains.com\/wp-content\/uploads\/2023\/10\/foret-de-saou.jpg 900w, https:\/\/chapelains.com\/wp-content\/uploads\/2023\/10\/foret-de-saou-300x200.jpg 300w, https:\/\/chapelains.com\/wp-content\/uploads\/2023\/10\/foret-de-saou-768x512.jpg 768w\" sizes=\"(max-width: 900px) 100vw, 900px\" \/><\/a><\/figure>\n\n\n<\/div>\n<\/div>\n\n\n\n<div class=\"wp-block-columns home-second__text is-layout-flex wp-container-core-columns-is-layout-9d6595d7 wp-block-columns-is-layout-flex\">\n<div class=\"wp-block-column is-layout-flow wp-block-column-is-layout-flow\">\n<h3 class=\"ls__heading wp-block-heading has-text-align-center has-color-3-color has-text-color\">Vercors Park<\/h3>\n\n\n\n<p class=\"ls-paragraph has-text-align-center\">Van de samenvloeiing van de Dr\u00f4me\/Rh\u00f4ne tot de toegangspoort tot de Diois, en van de Dr\u00f4me Proven\u00e7ale tot het <a href=\"https:\/\/www.parc-du-vercors.fr\/\" target=\"_blank\" rel=\"noreferrer noopener nofollow\">Park van de Vercors<\/a>, bieden <strong>5 regio&#8217;s<\/strong> een <strong>breed scala aan natuurlijke, culturele, sportieve en culinaire attracties<\/strong>: buitenactiviteiten, de geneugten van de halfbergse, half Proven\u00e7aalse gastronomie, proeven bij producenten van natuurlijk smakelijke lekkernijen, ontspanning en cultuur in musea, kunstworkshops en festiviteiten.<\/p>\n\n\n\n<p class=\"ls-paragraph has-text-align-center addReadMore showlesscontent\">Aan de poort van de vallei, vanaf de ViaRh\u00f4na.<strong> Neem de VeloDrome <\/strong>en ontdek de Haut-Livron, de oevers van de Dr\u00f4me, de heuvels van Br\u00e9z\u00e8me en het omliggende bebouwde erfgoed. Vanuit Mirmande, een van de mooiste dorpen van Frankrijk, kun je Cliousclat bezoeken, de bakermat van het plaatselijke aardewerk, de groene badplaats Gr\u00e2ne en de heuveldorpen Allex en La Roche-sur-Gr\u00e2ne.<br\/><br\/>Geniet in het Pays de Crest, onder het toeziend oog van de middeleeuwse Toren, van<strong>een van de mooiste omwegen in Frankrijk<\/strong>, langs de oevers van de rivier de Dr\u00f4me en de nabijgelegen <strong>heuveldorpen<\/strong>. De <strong>geschiedenis en de oude stenen<\/strong> zullen je niet teleurstellen.<br\/><br\/>Hoog boven de<strong> valleien van de Gervanne en de Sye<\/strong> verheft zich het fort van de Vercors. Hier is de biodiversiteit rijk dankzij een gunstig klimaat en een goed bewaarde landbouw. De frisheid van de watervallen, de schoonheid van de kliffen en de weelderige groene landschappen liggen allemaal voor het oprapen.<\/p>\n<\/div>\n\n\n\n<div class=\"wp-block-column is-layout-flow wp-block-column-is-layout-flow\">\n<h3 class=\"ls__heading wp-block-heading has-text-align-center has-color-3-color has-text-color\">Sao\u00fb-bosgebied  <\/h3>\n\n\n\n<p class=\"ls-paragraph has-text-align-center\">Het <strong>For\u00eat de Sao\u00fb <\/strong>en zijn hoge synclinale zijn een favoriete plek voor bergbeklimmers, verjongers en wandelaars. De<a href=\"https:\/\/aubergedesdauphins.fr\/\" target=\"_blank\" rel=\"noreferrer noopener nofollow\">Auberge des Dauphins<\/a>, gelegen in het hart van het <a href=\"https:\/\/www.valleedeladrome-tourisme.com\/notre-vallee\/nos-pepites\/la-foret-de-saou\/\" target=\"_blank\" rel=\"noreferrer noopener nofollow\">For\u00eat de Sao\u00fb<\/a>, een kwetsbaar natuurgebied, is een van de plekken die je niet mag missen. Bijgenaamd &#8220;het Trianon van Dr\u00f4me&#8221;, is deze architectonische replica ge\u00efnspireerd op het kasteel van Versailles en de vergulde salons onlangs gerenoveerd. Vandaag de dag is het een leuke en leerzame site.  <\/p>\n\n\n\n<p class=\"ls-paragraph has-text-align-center addReadMore showlesscontent\">Het beschikt over een aantal gebruiksvriendelijke gebieden om de natuurlijke en culturele schatten van de site te ontdekken. Er wordt speciale aandacht besteed aan jonge bezoekers en gezinnen, met speciaal aangepaste programma&#8217;s om gevoelige en actieve ontdekkingen aan te moedigen.  <\/p>\n\n\n\n<p class=\"ls-paragraph has-text-align-center addReadMore showlesscontent\">Ontdek meer! In de verschillende dorpen bieden de <strong>vele kunstenaars en ambachtslieden<\/strong> een breed scala aan creaties. De <strong>rivier Roubion<\/strong> is koel en biedt mooie picknickplekken.<\/p>\n<\/div>\n\n\n\n<div class=\"wp-block-column is-layout-flow wp-block-column-is-layout-flow\">\n<h3 class=\"ls__heading wp-block-heading has-text-align-center has-color-3-color has-text-color\">Saillans<\/h3>\n\n\n\n<p class=\"ls-paragraph has-text-align-center\">Het <a href=\"https:\/\/www.ladrometourisme.com\/fiches\/office-de-tourisme-coeur-de-drome-bureau-de-saillans\/\" target=\"_blank\" rel=\"noreferrer noopener nofollow\">Pays de Saillans<\/a> in het oosten, aan de voet van de<strong> beroemde Trois Becs<\/strong>, het hoogste punt in de vallei, biedt een landschap van wijngaarden, want hier komt <strong>de beroemde Clairette de Die vandaan<\/strong>. Het is ook een<strong> paradijs voor natuurliefhebbers<\/strong>, vooral in de Roanne Vallei.<\/p>\n<\/div>\n<\/div>\n\n\r\n    <\/div>\r\n<\/section><section id=\"ls-section-block_7c5811a23cdee433428d6923480b358d\" class=\"ls-section  has-m-b m-b-0 has-p-b p-b-3\" >\r\n        <div class=\"container container--wide\">\r\n        \r\n    <\/div>\r\n<\/section><section id=\"ls-section-block_6fc6fb89ecdb3a3d7e231e863f17cadf\" class=\"ls-section  page-cta\" >\r\n        <div class=\"container container--wide\">\r\n        \n\n<div id=\"ls-heading ls-titre-div-block_6c2a2caf8a303d223c89dd76511cb8d7\" class=\"ls-titre-div aligncenter h2-like\" >\n    Ontdek de omgeving van onze camping<\/div>\n\n\n<div id=\"ls-maillage-block_10510c5e9068974c390d456378a9f2c3\" class=\"ls-maillage cta-style-normal\" data-rows=\"3\">\r\n    <div class=\"wp-block-columns\"><div class=\"wp-block-column\"><div class='ls-cta'>\n\n<a href=\"https:\/\/chapelains.com\/nl\/toerisme-saillans\/\" target=\"\" rel=\"noopener\" class=\"ls-cta__link\">\n\n\t<div class=\"ls-cta__image\"><img decoding=\"async\" src=\"https:\/\/chapelains.com\/wp-content\/uploads\/2023\/10\/visiter-saillans-depui-scamping-chapelains.webp\" alt=\"bezoek saillans van scamping chapelains\"><\/div>\n\t<div class=\"ls-cta__title\">\n\t\tSaillans\t<\/div>\n\n\t\t\n<\/a><\/div><\/div><div class=\"wp-block-column\"><div class='ls-cta'>\n\n<a href=\"https:\/\/chapelains.com\/nl\/sportterrein\/\" target=\"\" rel=\"noopener\" class=\"ls-cta__link\">\n\n\t<div class=\"ls-cta__image\"><img decoding=\"async\" src=\"https:\/\/chapelains.com\/wp-content\/uploads\/2023\/04\/balade-a-cheval-camping-les-chapelains-drome.jpg\" alt=\"paardrijden camping les chapelains drome\"><\/div>\n\t<div class=\"ls-cta__title\">\n\t\tSport en natuur rondom de camping\t<\/div>\n\n\t\t\n<\/a><\/div><\/div><div class=\"wp-block-column\"><div class='ls-cta'>\n\n<a href=\"https:\/\/chapelains.com\/nl\/de-lavendelroutes\/\" target=\"\" rel=\"noopener\" class=\"ls-cta__link\">\n\n\t<div class=\"ls-cta__image\"><img decoding=\"async\" src=\"https:\/\/chapelains.com\/wp-content\/uploads\/2023\/04\/decouvrir-les-routes-de-la-lavande.jpg\" alt=\"ontdek de lavendelroutes\"><\/div>\n\t<div class=\"ls-cta__title\">\n\t\tDe lavendelroutes\t<\/div>\n\n\t\t\n<\/a><\/div><\/div><\/div><\/div>\n\r\n    <\/div>\r\n<\/section>","protected":false},"excerpt":{"rendered":"","protected":false},"author":1,"featured_media":2758,"parent":0,"menu_order":0,"comment_status":"closed","ping_status":"closed","template":"","meta":{"_acf_changed":false,"footnotes":""},"sujet":[],"class_list":["post-3693","page","type-page","status-publish","has-post-thumbnail","hentry"],"acf":[],"yoast_head":"<!-- This site is optimized with the Yoast SEO plugin v23.4 - https:\/\/yoast.com\/wordpress\/plugins\/seo\/ -->\n<title>Markten in de Dr\u00f4me | Culturele en familiebezoeken Dr\u00f4me<\/title>\n<meta name=\"robots\" content=\"index, follow, max-snippet:-1, max-image-preview:large, max-video-preview:-1\" \/>\n<link rel=\"canonical\" href=\"https:\/\/chapelains.com\/nl\/toeristische-drome\/\" \/>\n<meta property=\"og:locale\" content=\"nl_NL\" \/>\n<meta property=\"og:type\" content=\"article\" \/>\n<meta property=\"og:title\" content=\"Markten in de Dr\u00f4me | Culturele en familiebezoeken Dr\u00f4me\" \/>\n<meta property=\"og:url\" content=\"https:\/\/chapelains.com\/nl\/toeristische-drome\/\" \/>\n<meta property=\"og:site_name\" content=\"Camping Les Chapelains\" \/>\n<meta property=\"article:modified_time\" content=\"2025-01-22T16:49:44+00:00\" \/>\n<meta property=\"og:image\" content=\"https:\/\/chapelains.com\/wp-content\/uploads\/2023\/10\/palais-du-facteur-cheval.jpg\" \/>\n\t<meta property=\"og:image:width\" content=\"1920\" \/>\n\t<meta property=\"og:image:height\" content=\"500\" \/>\n\t<meta property=\"og:image:type\" content=\"image\/jpeg\" \/>\n<meta name=\"twitter:card\" content=\"summary_large_image\" \/>\n<meta name=\"twitter:label1\" content=\"Geschatte leestijd\" \/>\n\t<meta name=\"twitter:data1\" content=\"8 minuten\" \/>\n<script type=\"application\/ld+json\" class=\"yoast-schema-graph\">{\"@context\":\"https:\/\/schema.org\",\"@graph\":[{\"@type\":\"WebPage\",\"@id\":\"https:\/\/chapelains.com\/nl\/toeristische-drome\/\",\"url\":\"https:\/\/chapelains.com\/nl\/toeristische-drome\/\",\"name\":\"Markten in de Dr\u00f4me | Culturele en familiebezoeken Dr\u00f4me\",\"isPartOf\":{\"@id\":\"https:\/\/chapelains.com\/nl\/#website\"},\"primaryImageOfPage\":{\"@id\":\"https:\/\/chapelains.com\/nl\/toeristische-drome\/#primaryimage\"},\"image\":{\"@id\":\"https:\/\/chapelains.com\/nl\/toeristische-drome\/#primaryimage\"},\"thumbnailUrl\":\"https:\/\/chapelains.com\/wp-content\/uploads\/2023\/10\/palais-du-facteur-cheval.jpg\",\"datePublished\":\"2023-03-10T08:54:32+00:00\",\"dateModified\":\"2025-01-22T16:49:44+00:00\",\"breadcrumb\":{\"@id\":\"https:\/\/chapelains.com\/nl\/toeristische-drome\/#breadcrumb\"},\"inLanguage\":\"nl-NL\",\"potentialAction\":[{\"@type\":\"ReadAction\",\"target\":[\"https:\/\/chapelains.com\/nl\/toeristische-drome\/\"]}]},{\"@type\":\"ImageObject\",\"inLanguage\":\"nl-NL\",\"@id\":\"https:\/\/chapelains.com\/nl\/toeristische-drome\/#primaryimage\",\"url\":\"https:\/\/chapelains.com\/wp-content\/uploads\/2023\/10\/palais-du-facteur-cheval.jpg\",\"contentUrl\":\"https:\/\/chapelains.com\/wp-content\/uploads\/2023\/10\/palais-du-facteur-cheval.jpg\",\"width\":1920,\"height\":500,\"caption\":\"palais du facteur cheval\"},{\"@type\":\"BreadcrumbList\",\"@id\":\"https:\/\/chapelains.com\/nl\/toeristische-drome\/#breadcrumb\",\"itemListElement\":[{\"@type\":\"ListItem\",\"position\":1,\"name\":\"Camping Dr\u00f4me\",\"item\":\"https:\/\/chapelains.com\/nl\/\"},{\"@type\":\"ListItem\",\"position\":2,\"name\":\"Dingen om te doen in de Dr\u00f4me\"}]},{\"@type\":\"WebSite\",\"@id\":\"https:\/\/chapelains.com\/nl\/#website\",\"url\":\"https:\/\/chapelains.com\/nl\/\",\"name\":\"Camping Les Chapelains\",\"description\":\"\",\"publisher\":{\"@id\":\"https:\/\/chapelains.com\/nl\/#organization\"},\"potentialAction\":[{\"@type\":\"SearchAction\",\"target\":{\"@type\":\"EntryPoint\",\"urlTemplate\":\"https:\/\/chapelains.com\/nl\/?s={search_term_string}\"},\"query-input\":{\"@type\":\"PropertyValueSpecification\",\"valueRequired\":true,\"valueName\":\"search_term_string\"}}],\"inLanguage\":\"nl-NL\"},{\"@type\":\"Organization\",\"@id\":\"https:\/\/chapelains.com\/nl\/#organization\",\"name\":\"Camping Les Chapelains\",\"url\":\"https:\/\/chapelains.com\/nl\/\",\"logo\":{\"@type\":\"ImageObject\",\"inLanguage\":\"nl-NL\",\"@id\":\"https:\/\/chapelains.com\/nl\/#\/schema\/logo\/image\/\",\"url\":\"https:\/\/chapelains.com\/wp-content\/uploads\/2023\/03\/logo-camping-les-chapelains.png\",\"contentUrl\":\"https:\/\/chapelains.com\/wp-content\/uploads\/2023\/03\/logo-camping-les-chapelains.png\",\"width\":263,\"height\":170,\"caption\":\"Camping Les Chapelains\"},\"image\":{\"@id\":\"https:\/\/chapelains.com\/nl\/#\/schema\/logo\/image\/\"}}]}<\/script>\n<!-- \/ Yoast SEO plugin. -->","yoast_head_json":{"title":"Markten in de Dr\u00f4me | Culturele en familiebezoeken Dr\u00f4me","robots":{"index":"index","follow":"follow","max-snippet":"max-snippet:-1","max-image-preview":"max-image-preview:large","max-video-preview":"max-video-preview:-1"},"canonical":"https:\/\/chapelains.com\/nl\/toeristische-drome\/","og_locale":"nl_NL","og_type":"article","og_title":"Markten in de Dr\u00f4me | Culturele en familiebezoeken Dr\u00f4me","og_url":"https:\/\/chapelains.com\/nl\/toeristische-drome\/","og_site_name":"Camping Les Chapelains","article_modified_time":"2025-01-22T16:49:44+00:00","og_image":[{"width":1920,"height":500,"url":"https:\/\/chapelains.com\/wp-content\/uploads\/2023\/10\/palais-du-facteur-cheval.jpg","type":"image\/jpeg"}],"twitter_card":"summary_large_image","twitter_misc":{"Geschatte leestijd":"8 minuten"},"schema":{"@context":"https:\/\/schema.org","@graph":[{"@type":"WebPage","@id":"https:\/\/chapelains.com\/nl\/toeristische-drome\/","url":"https:\/\/chapelains.com\/nl\/toeristische-drome\/","name":"Markten in de Dr\u00f4me | Culturele en familiebezoeken Dr\u00f4me","isPartOf":{"@id":"https:\/\/chapelains.com\/nl\/#website"},"primaryImageOfPage":{"@id":"https:\/\/chapelains.com\/nl\/toeristische-drome\/#primaryimage"},"image":{"@id":"https:\/\/chapelains.com\/nl\/toeristische-drome\/#primaryimage"},"thumbnailUrl":"https:\/\/chapelains.com\/wp-content\/uploads\/2023\/10\/palais-du-facteur-cheval.jpg","datePublished":"2023-03-10T08:54:32+00:00","dateModified":"2025-01-22T16:49:44+00:00","breadcrumb":{"@id":"https:\/\/chapelains.com\/nl\/toeristische-drome\/#breadcrumb"},"inLanguage":"nl-NL","potentialAction":[{"@type":"ReadAction","target":["https:\/\/chapelains.com\/nl\/toeristische-drome\/"]}]},{"@type":"ImageObject","inLanguage":"nl-NL","@id":"https:\/\/chapelains.com\/nl\/toeristische-drome\/#primaryimage","url":"https:\/\/chapelains.com\/wp-content\/uploads\/2023\/10\/palais-du-facteur-cheval.jpg","contentUrl":"https:\/\/chapelains.com\/wp-content\/uploads\/2023\/10\/palais-du-facteur-cheval.jpg","width":1920,"height":500,"caption":"palais du facteur cheval"},{"@type":"BreadcrumbList","@id":"https:\/\/chapelains.com\/nl\/toeristische-drome\/#breadcrumb","itemListElement":[{"@type":"ListItem","position":1,"name":"Camping Dr\u00f4me","item":"https:\/\/chapelains.com\/nl\/"},{"@type":"ListItem","position":2,"name":"Dingen om te doen in de Dr\u00f4me"}]},{"@type":"WebSite","@id":"https:\/\/chapelains.com\/nl\/#website","url":"https:\/\/chapelains.com\/nl\/","name":"Camping Les Chapelains","description":"","publisher":{"@id":"https:\/\/chapelains.com\/nl\/#organization"},"potentialAction":[{"@type":"SearchAction","target":{"@type":"EntryPoint","urlTemplate":"https:\/\/chapelains.com\/nl\/?s={search_term_string}"},"query-input":{"@type":"PropertyValueSpecification","valueRequired":true,"valueName":"search_term_string"}}],"inLanguage":"nl-NL"},{"@type":"Organization","@id":"https:\/\/chapelains.com\/nl\/#organization","name":"Camping Les Chapelains","url":"https:\/\/chapelains.com\/nl\/","logo":{"@type":"ImageObject","inLanguage":"nl-NL","@id":"https:\/\/chapelains.com\/nl\/#\/schema\/logo\/image\/","url":"https:\/\/chapelains.com\/wp-content\/uploads\/2023\/03\/logo-camping-les-chapelains.png","contentUrl":"https:\/\/chapelains.com\/wp-content\/uploads\/2023\/03\/logo-camping-les-chapelains.png","width":263,"height":170,"caption":"Camping Les Chapelains"},"image":{"@id":"https:\/\/chapelains.com\/nl\/#\/schema\/logo\/image\/"}}]}},"_links":{"self":[{"href":"https:\/\/chapelains.com\/nl\/wp-json\/wp\/v2\/pages\/3693","targetHints":{"allow":["GET"]}}],"collection":[{"href":"https:\/\/chapelains.com\/nl\/wp-json\/wp\/v2\/pages"}],"about":[{"href":"https:\/\/chapelains.com\/nl\/wp-json\/wp\/v2\/types\/page"}],"author":[{"embeddable":true,"href":"https:\/\/chapelains.com\/nl\/wp-json\/wp\/v2\/users\/1"}],"replies":[{"embeddable":true,"href":"https:\/\/chapelains.com\/nl\/wp-json\/wp\/v2\/comments?post=3693"}],"version-history":[{"count":9,"href":"https:\/\/chapelains.com\/nl\/wp-json\/wp\/v2\/pages\/3693\/revisions"}],"predecessor-version":[{"id":8576,"href":"https:\/\/chapelains.com\/nl\/wp-json\/wp\/v2\/pages\/3693\/revisions\/8576"}],"wp:featuredmedia":[{"embeddable":true,"href":"https:\/\/chapelains.com\/nl\/wp-json\/wp\/v2\/media\/2758"}],"wp:attachment":[{"href":"https:\/\/chapelains.com\/nl\/wp-json\/wp\/v2\/media?parent=3693"}],"wp:term":[{"taxonomy":"sujet","embeddable":true,"href":"https:\/\/chapelains.com\/nl\/wp-json\/wp\/v2\/sujet?post=3693"}],"curies":[{"name":"wp","href":"https:\/\/api.w.org\/{rel}","templated":true}]}}